{"id":189,"date":"2022-11-27T23:20:47","date_gmt":"2022-11-27T23:20:47","guid":{"rendered":"http:\/\/2013dagyonetisimi.com\/?page_id=189"},"modified":"2022-11-27T23:20:47","modified_gmt":"2022-11-27T23:20:47","slug":"kamu-spotu","status":"publish","type":"page","link":"https:\/\/2013dagyonetisimi.com\/index.php\/kamu-spotu\/","title":{"rendered":"Kamu Spotu"},"content":{"rendered":"\n<p>DA\u011eLIK ALANLARIN S\u00dcRD\u00dcR\u00dcLEB\u0130L\u0130RL\u0130\u011e\u0130 VE Y\u00d6NET\u0130\u015e\u0130M\u0130 DERNE\u011e\u0130<\/p>\n\n\n\n<p>DA\u011e ve DA\u011eLIK ALANLAR FARKINDALI\u011eI KAMU SPOTU<\/p>\n\n\n\n<p>Kamu Spotunun Mant\u0131ksal \u00c7er\u00e7evesi<\/p>\n\n\n\n<p>Bu kamu spotu, da\u011flar\u0131n ve da\u011fl\u0131k alan b\u00f6lgelerinin fark\u0131ndal\u0131\u011f\u0131n\u0131 sa\u011flamak ve bir de\u011fer olarak da\u011flara ili\u015fkin konunun \u00f6nemini ortaya koymak; koruma kullanma dengesini, flora ve faunas\u0131 ile yerle\u015fik halk\u0131, ekonomisi, birey ve kullan\u0131c\u0131 ili\u015fkilerini \u00f6ne \u00e7\u0131kararak ihmal edilmi\u015fli\u011fi \u00fcretkenli\u011fe \u00e7evirebilmede toplumsal sahiplenmeyi te\u015fvik etmek amac\u0131yla haz\u0131rlanm\u0131\u015ft\u0131r.<\/p>\n\n\n\n<p>Her ya\u015ftan bireylerin, da\u011flara eri\u015febilirli\u011finin ba\u015fta sportif faaliyetler arac\u0131l\u0131\u011f\u0131yla m\u00fcmk\u00fcn olabildi\u011fini ancak tek ba\u015f\u0131na yetersizli\u011fini g\u00f6stermek, da\u011flardan sa\u011flanan \u00e7ok y\u00f6nl\u00fc kazan\u0131mlara sahip \u00e7\u0131k\u0131lmas\u0131n\u0131 g\u00f6rsellerle hat\u0131rlatmak yan\u0131nda, T\u00fcrkiye\u2019nin \u00e7e\u015fitli da\u011fl\u0131k alan b\u00f6lgelerinden manzaralarla \u00fclkemizin sahip oldu\u011fu g\u00fczellikleri hat\u0131rlamak ve s\u00fcrd\u00fcr\u00fclebilirli\u011fi sa\u011flamada etkin bir da\u011f y\u00f6netimi gerekti\u011fini d\u00fc\u015f\u00fcnd\u00fcrerek, kamu politikalar\u0131n\u0131 bi\u00e7imlendirecek etkili siyasalar geli\u015ftirmek amac\u0131yla kamuoyunun deste\u011fi sa\u011flamak hedeflenmektedir.<\/p>\n\n\n\n<p>Konunun \u00d6nemi<\/p>\n\n\n\n<p>Da\u011fl\u0131k Alanlar konusu T\u00fcrkiye\u2019de stratejik \u00f6nemi arka planda kalan ve etkin y\u00f6netim s\u00fcreci uygulama ara\u00e7lar\u0131 boyutuyla ihmal edilen \u00f6nemli co\u011frafi alanlard\u0131r. Oysaki T\u00fcrkiye\u2019nin ortalama %60\u2019\u0131 da\u011fl\u0131k alanlard\u0131r. Da\u011f k\u00f6yl\u00fcs\u00fc resmi belgelerde veya raporlarda g\u00f6r\u00fcn\u00fcr de\u011fildir ve \u00e7o\u011funlukla orman k\u00f6yl\u00fcs\u00fc\u201d olarak tan\u0131mlanmaktad\u0131r. Da\u011flar\u0131m\u0131z zengin biyo\u00e7e\u015fitlili\u011fe sahip, k\u0131y\u0131 ve s\u0131n\u0131ra kom\u015fu da olabilen stratejik alanlard\u0131r. T\u00fcrkiye\u2019de gerek ta\u015f\u0131d\u0131\u011f\u0131 imk\u00e2n ve ara\u00e7lar gerekse lojistik \u00f6nemi nedeniyle da\u011flar\u0131n idari a\u00e7\u0131dan g\u00f6z \u00f6n\u00fcne al\u0131nmas\u0131 \u00f6nem ta\u015f\u0131maktad\u0131r. Ayr\u0131ca, da\u011f fark\u0131ndal\u0131\u011f\u0131n\u0131n, ormandan ayr\u0131 tutulmas\u0131na y\u00f6nelik Avrupa Birli\u011fi ve Avrupa Konseyinin metinlerine yans\u0131yan uluslararas\u0131 yakla\u015f\u0131m\u0131 da yakalamak hedeflenmektedir.<\/p>\n\n\n\n<p>Da\u011fl\u0131k alanlar\u0131n genellikle geli\u015fmemi\u015f b\u00f6lgeler olmas\u0131 ve da\u011f yerle\u015fiklerinin ya\u015fam kalitesini koruma, b\u00fct\u00fcnle\u015fik sekt\u00f6rel kalk\u0131nma dinamiklerinin desteklenmesi ile demokrasinin g\u00fc\u00e7lendirilmesi ili\u015fkiler a\u011f\u0131 i\u00e7inde giderek artan oranda bir ilgi oda\u011f\u0131 haline gelmi\u015ftir. 1992 y\u0131l\u0131nda d\u00fcnya devlet ve h\u00fck\u00fcmet ba\u015fkanlar\u0131n\u0131n bulu\u015ftu\u011fu, Birle\u015fmi\u015f Milletler Rio D\u00fcnya Zirvesi Konferans\u0131nda \u201cG\u00fcndem 21\u201d Eylem Plan\u0131nda, 13\u2019\u00fcnc\u00fc Ba\u015fl\u0131k \u201cK\u0131r\u0131lgan Ekosistemin Y\u00f6netimi: S\u00fcrd\u00fcr\u00fclebilir Da\u011f Geli\u015fimi\u201d olarak adland\u0131r\u0131lm\u0131\u015ft\u0131r. \u00dcyesi oldu\u011fumuz, Avrupa Konseyinin \u201cYerel ve B\u00f6lgesel Y\u00f6netimler Kongresi Anla\u015fma ve S\u00f6zle\u015fmeleri\u201d \u00e7al\u0131\u015fmalar\u0131 i\u00e7inde ba\u011flant\u0131l\u0131 olarak 1995 y\u0131l\u0131nda Avrupa Kongresinin tavsiye kararlar\u0131 aras\u0131nda yer alan \u201cAvrupa Da\u011fl\u0131k B\u00f6lgeler \u015eart\u0131\u201d<\/p>\n\n\n\n<p>tasla\u011f\u0131 haz\u0131rlanm\u0131\u015ft\u0131r. Avrupa Konseyi \u00fclkelerine y\u00f6nelik olarak da\u011fl\u0131k b\u00f6lgelerin idaresi, kalk\u0131nd\u0131r\u0131lmas\u0131 ve korunmas\u0131 politikas\u0131n\u0131n genel ilkelerini belirleme y\u00f6n\u00fcnde \u00e7al\u0131\u015fmalar geli\u015ftirilmektedir. Da\u011f ve da\u011fl\u0131k b\u00f6lgeler konusu insan haklar\u0131 ve y\u00fcksek \u00e7evre kalitesini sa\u011flama hedefinde \u00f6nemli bir unsur\/de\u011fer olarak yer almaktad\u0131r.<\/p>\n\n\n\n<p>Da\u011fl\u0131k alanlarda gerek do\u011fal kaynaklar\u0131n korunmas\u0131 ve s\u00fcrd\u00fcr\u00fclebilirli\u011fi gerekse yerle\u015fik halk\u0131n toplumsal-ekonomik geli\u015fimini sa\u011flamak, ulusal geli\u015fmede \u00f6nemini g\u00f6rmek a\u00e7\u0131s\u0131ndan kamu y\u00f6netimlerinin hassasiyet g\u00f6stermelerini te\u015fvik etmek \u00f6nemlidir. Nitekim Birle\u015fmi\u015f Milletler Te\u015fkilat\u0131 2002 y\u0131l\u0131nda 11 Aral\u0131k tarihini \u201cUluslararas\u0131 Da\u011flar Y\u0131l\u0131\u201d olarak ilan etmi\u015ftir. Bu \u015fekilde da\u011fl\u0131k alanlara d\u00fcnyan\u0131n ilgisi \u00e7ekilmi\u015ftir. Bu \u00e7al\u0131\u015fma ile ayni zamanda 11 Aral\u0131k tarihinin Uluslararas\u0131 Da\u011flar G\u00fcn\u00fc olarak \u00f6ne \u00e7\u0131kmas\u0131 ve takvimlere i\u015flenmesi hedeflenmektedir.<\/p>\n\n\n\n<p>Nihai tahlilde, B\u00fct\u00fcnle\u015fik Da\u011f Y\u00f6netimi konusunda ekolojisi, sosyo-k\u00fclt\u00fcrel ve ekonomik boyutunda toplumda \u201cda\u011f fark\u0131ndal\u0131\u011f\u0131\u201d ve s\u00fcrd\u00fcr\u00fclebilir da\u011fl\u0131k alanlara y\u00f6nelik geli\u015fmeyi \u00f6ne alan kamu politikalar\u0131na y\u00f6nelik bir ilgi yaratmak hedeflenmektedir.<\/p>\n\n\n\n<p>Bu \u00e7al\u0131\u015fman\u0131n esas\u0131n\u0131 te\u015fkil eden g\u00f6rseller, konunun heyecan\u0131n\u0131 duyan ve \u00f6nemine inanan, \u00fclke d\u00fczeyinde payla\u015f\u0131m\u0131n\u0131n T\u00fcrkiye i\u00e7in faydal\u0131 olaca\u011f\u0131n\u0131 bilen, Dokuz Eyl\u00fcl \u00dcniversitesinin teknik ve akademik elemanlar\u0131 ve da\u011f konusunda uzmanla\u015fm\u0131\u015f sivil toplum \u00f6rg\u00fctlerinin g\u00f6n\u00fcll\u00fc i\u015fbirli\u011fi deste\u011fi ile ger\u00e7ekle\u015ftirilmi\u015ftir.<\/p>\n\n\n\n<p>Sloganlar<\/p>\n\n\n\n<p>Da\u011flar\u0131n S\u00fcrd\u00fcr\u00fclebilirli\u011finde , \u201caktif kat\u0131l\u0131m\u201d, \u201cdayan\u0131\u015fma\u201d ve \u201c\u00e7\u00f6z\u00fcmde ortakl\u0131k\u201d<\/p>\n","protected":false},"excerpt":{"rendered":"<p>DA\u011eLIK ALANLARIN S\u00dcRD\u00dcR\u00dcLEB\u0130L\u0130RL\u0130\u011e\u0130 VE Y\u00d6NET\u0130\u015e\u0130M\u0130 DERNE\u011e\u0130 DA\u011e ve DA\u011eLIK ALANLAR FARKINDALI\u011eI KAMU SPOTU Kamu Spotunun Mant\u0131ksal \u00c7er\u00e7evesi Bu kamu spotu, da\u011flar\u0131n ve da\u011fl\u0131k alan b\u00f6lgelerinin fark\u0131ndal\u0131\u011f\u0131n\u0131 sa\u011flamak ve bir de\u011fer olarak da\u011flara ili\u015fkin konunun \u00f6nemini ortaya koymak; koruma kullanma dengesini, flora ve faunas\u0131 ile yerle\u015fik halk\u0131, ekonomisi, birey ve kullan\u0131c\u0131 ili\u015fkilerini \u00f6ne \u00e7\u0131kararak ihmal edilmi\u015fli\u011fi [&hellip;]<\/p>\n","protected":false},"author":1,"featured_media":0,"parent":0,"menu_order":0,"comment_status":"closed","ping_status":"closed","template":"","meta":{"footnotes":""},"class_list":["post-189","page","type-page","status-publish","hentry"],"_links":{"self":[{"href":"https:\/\/2013dagyonetisimi.com\/index.php\/wp-json\/wp\/v2\/pages\/189","targetHints":{"allow":["GET"]}}],"collection":[{"href":"https:\/\/2013dagyonetisimi.com\/index.php\/wp-json\/wp\/v2\/pages"}],"about":[{"href":"https:\/\/2013dagyonetisimi.com\/index.php\/wp-json\/wp\/v2\/types\/page"}],"author":[{"embeddable":true,"href":"https:\/\/2013dagyonetisimi.com\/index.php\/wp-json\/wp\/v2\/users\/1"}],"replies":[{"embeddable":true,"href":"https:\/\/2013dagyonetisimi.com\/index.php\/wp-json\/wp\/v2\/comments?post=189"}],"version-history":[{"count":1,"href":"https:\/\/2013dagyonetisimi.com\/index.php\/wp-json\/wp\/v2\/pages\/189\/revisions"}],"predecessor-version":[{"id":190,"href":"https:\/\/2013dagyonetisimi.com\/index.php\/wp-json\/wp\/v2\/pages\/189\/revisions\/190"}],"wp:attachment":[{"href":"https:\/\/2013dagyonetisimi.com\/index.php\/wp-json\/wp\/v2\/media?parent=189"}],"curies":[{"name":"wp","href":"https:\/\/api.w.org\/{rel}","templated":true}]}}