{"id":591,"date":"2025-12-08T18:19:47","date_gmt":"2025-12-08T18:19:47","guid":{"rendered":"https:\/\/2013dagyonetisimi.com\/?page_id=591"},"modified":"2025-12-08T18:19:47","modified_gmt":"2025-12-08T18:19:47","slug":"11-aralik-2025-dunya-daglar-gunu-basin-ozeti","status":"publish","type":"page","link":"https:\/\/2013dagyonetisimi.com\/index.php\/11-aralik-2025-dunya-daglar-gunu-basin-ozeti\/","title":{"rendered":"11 ARALIK 2025 D\u00dcNYA DA\u011eLAR G\u00dcN\u00dc BASIN \u00d6ZET\u0130"},"content":{"rendered":"\n<p><strong>11 ARALIK ULUSLARARASI DA\u011eLAR G\u00dcN\u00dc-2025<\/strong><\/p>\n\n\n\n<p>11 Aral\u0131k 2025, Alsancak T\u00fcrkan Saylan K\u00fclt\u00fcr Merkezi<\/p>\n\n\n\n<p>Benal Nevzat Salonu Kat.7, Konak, \u0130zmir.<\/p>\n\n\n\n<p>Konak Kent Konseyi ve Da\u011fl\u0131k Alanlar\u0131n S\u00fcrd\u00fcr\u00fclebilirli\u011fi ve Y\u00f6neti\u015fimi Derne\u011fi \u0130\u015fbirli\u011fiyle<\/p>\n\n\n\n<p>Her y\u0131l 11 Aral\u0131k&#8217;ta kutlanan Uluslararas\u0131 Da\u011flar G\u00fcn\u00fc, da\u011flar\u0131n \u00f6nemi konusunda fark\u0131ndal\u0131\u011f\u0131 art\u0131rmay\u0131 ama\u00e7lamaktad\u0131r. Da\u011flar\u0131n ve da\u011fl\u0131k alanlar\u0131n korunmas\u0131, s\u00fcrd\u00fcr\u00fclebilir kalk\u0131nman\u0131n temel bir unsurudur. Da\u011flar, d\u00fcnya kara k\u00fctlesinin %27&#8217;sini kaplamaktad\u0131r. T\u00fcrkiye\u2019de da\u011f ve da\u011fl\u0131k alanlar konusu, mek\u00e2nsal planlama ve y\u00f6netim boyutuyla ihmal edilen en \u00f6nemli stratejik konulardand\u0131r. Oysaki T\u00fcrkiye\u2019nin ortalama %74\u2019\u0131 da\u011fl\u0131k alanlard\u0131r. Da\u011f k\u00f6yl\u00fcs\u00fc resmi dok\u00fcmanlarda g\u00f6r\u00fcn\u00fcr de\u011fildir. \u00c7o\u011fu kere orman k\u00f6yl\u00fcs\u00fc olarak tan\u0131mlanmaktad\u0131r. Da\u011flar\u0131m\u0131z ayni zamanda \u00e7o\u011fu kere k\u0131y\u0131larla birle\u015fmektedir. B\u00fct\u00fcnle\u015fik s\u0131n\u0131r y\u00f6netiminin de \u00f6nemli bir par\u00e7as\u0131d\u0131r. Da\u011f y\u00f6netiminin, orman y\u00f6netiminden ayr\u0131 tutulmas\u0131 ve hukuki b\u00fct\u00fcnle\u015fikli\u011fin stratejik y\u00f6netim y\u00f6n\u00fcyle sa\u011flanmas\u0131 ve ta\u015f\u0131d\u0131\u011f\u0131 de\u011ferlere su, maden kaynaklar\u0131na oldu\u011fu kadar insan kayna\u011f\u0131na da sahip \u00e7\u0131k\u0131lmas\u0131 gerekmektedir. Ayr\u0131ca \u2018Da\u011fl\u0131k Alan Belediyeler Birlikleri\u2019 de kurulmas\u0131 toplum kalk\u0131nmas\u0131n\u0131 sa\u011flayacak bir gerekliliktir. (Prof. Dr. Zerrin Toprak Karaman)<\/p>\n\n\n\n<p><strong>2025 y\u0131l\u0131 TEMASI<\/strong><\/p>\n\n\n\n<p>&#8220;Buzullar, da\u011flarda ve \u00f6tesinde \u2018buzul topraklar\u2019 su, g\u0131da ve ge\u00e7im kaynaklar\u0131 i\u00e7in \u00f6nemlidir&#8221; konusu 2025 y\u0131l\u0131 Uluslararas\u0131 Da\u011flar G\u00fcn\u00fc temas\u0131d\u0131r. Tar\u0131m, su g\u00fcvenli\u011fi ve savunmas\u0131z da\u011f topluluklar\u0131n\u0131n ge\u00e7im kaynaklar\u0131 i\u00e7in buzullar\u0131n korunmas\u0131n\u0131n \u00f6nemini vurgulamak i\u00e7in 11 Aral\u0131k Uluslararas\u0131 Da\u011flar G\u00fcn\u00fcnde etkinler yap\u0131lmas\u0131, iyi bir f\u0131rsatt\u0131r. D\u00fcnyada,&nbsp; \u00fclkenin do\u011fal g\u00fczelliklerinin ve toplum kalk\u0131nmas\u0131n\u0131n da\u011flar etraf\u0131nda \u015fekillendi\u011finin fark\u0131na varmak i\u00e7in Da\u011flar G\u00fcn\u00fc kutlanmaktad\u0131r.<\/p>\n\n\n\n<p><strong>M.A Galip Akda\u015f : \u2018<em>Da\u011fc\u0131l\u0131k Ke\u015fif Ruhu, Jeo-Politik Riskler ve De\u011ferler \u0130stihbarat\u0131\u2019<\/em><\/strong><\/p>\n\n\n\n<p>Da\u011flar, insanl\u0131\u011f\u0131n hem mitolojik hem de bili\u015fsel tarihinde yaln\u0131zca jeomorfolojik olu\u015fumlar de\u011fil, kutsal bilginin, direncin ve yeniden do\u011fu\u015fun arketipleridir. Olympos\u2019tan Meru\u2019ya, Kaf Da\u011f\u0131\u2019ndan Ziusudra efsanesine uzanan mitolojik dizgeler, da\u011fa y\u00f6neli\u015fi salt fiziksel bir t\u0131rman\u0131\u015ftan \u00f6te, bilgiye ve fark\u0131ndal\u0131\u011fa y\u00fckseli\u015fin simgesi olarak konumland\u0131rm\u0131\u015ft\u0131r. Bu nedenle da\u011fc\u0131l\u0131k, spor olman\u0131n \u00f6tesinde, insan\u0131n do\u011fayla kurdu\u011fu bili\u015fsel ve etik ili\u015fkinin somutla\u015ft\u0131\u011f\u0131 varolu\u015fsal bir deneyim alan\u0131d\u0131r. Da\u011f, fethedilecek bir nesne de\u011fil; bilgi, de\u011fer ve sorumluluk \u00fcretiminin mek\u00e2n\u0131d\u0131r. Bu yakla\u015f\u0131m, modern \u00e7evre y\u00f6netimi, afet stratejileri ve kaynak istihbarat\u0131 gibi disiplinlerin de felsefi zeminini olu\u015fturur. Jeokaynak istihbarat\u0131, do\u011fal kaynaklar\u0131n stratejik ve ekonomik boyutunu incelerken; De\u011ferler \u0130stihbarat\u0131 kavram\u0131, bu s\u00fcrece ahlaki fark\u0131ndal\u0131k ve \u00e7evresel etik perspektifi kazand\u0131r\u0131r. Sonu\u00e7ta da\u011flar, jeopolitik, ekolojik ve k\u00fclt\u00fcrel risklerin kesi\u015fti\u011fi stratejik sistemler olarak yaln\u0131zca co\u011frafi de\u011fil, ayn\u0131 zamanda d\u00fc\u015f\u00fcnsel bir \u00f6neme sahiptir. K\u0131ymetli mineraller ve stratejik kaynaklar i\u00e7in y\u00fcr\u00fct\u00fclen \u00e7at\u0131\u015fmalar\u0131n merkezi olan da\u011flar ayr\u0131ca do\u011fal kaynaklar\u0131n kontrol\u00fc ile jeopolitik g\u00fc\u00e7 aras\u0131nda do\u011frudan bir ba\u011f kurmu\u015ftur. Onlar, insanl\u0131\u011fa s\u0131n\u0131rlar\u0131n\u0131, dayan\u0131kl\u0131l\u0131\u011f\u0131n\u0131 ve bilgeli\u011fini \u00f6\u011freten sessiz bir haf\u0131za, s\u00fcrd\u00fcr\u00fclebilir varolu\u015fun en kadim laboratuvar\u0131d\u0131r.<br><\/p>\n\n\n\n<p><strong>Prof. Dr. O\u011fuz Sancakdar: <em>\u2018Hukuki Bo\u015flukta Kalan Zirveler: Da\u011fl\u0131k Alanlara Bak\u0131\u015f\u2019<\/em><\/strong><\/p>\n\n\n\n<p>\u00dclkemiz Hukukunda devletin h\u00fck\u00fcm ve tasarrufunda olan ve kamu mallar\u0131 teorisinde sahipsiz mal stat\u00fcs\u00fcnde olan da\u011f alanlar\u0131 \u00fczerinde iki yanl\u0131 hukuki durum teorisi ya da Federal Alman hukukunda kolektif m\u00fclkiyet g\u00f6r\u00fc\u015fleri bulunmaktad\u0131r. Devletin kara alan\u0131 ve \u00fczerindeki \u2018g\u00f6k vatan\u2019 hava sahas\u0131 bir b\u00fct\u00fcn olarak de\u011ferlendirildi\u011finde, da\u011fl\u0131k alanlar\u0131n\u0131n g\u00fcn\u00fcm\u00fczde \u00f6zellikle nadir elementler, kritik mineraller ba\u015fta olmak \u00fczere iklim de\u011fi\u015fikli\u011fi ger\u00e7e\u011fi de dikkate al\u0131nd\u0131\u011f\u0131nda bu alanlar\u0131n m\u00fcstakil bir hukuki d\u00fczene oturtulmas\u0131 ve parlamentonun bu konuda yasal, koruyucu d\u00fczenleme yapmas\u0131n\u0131n ivedilik ta\u015f\u0131d\u0131\u011f\u0131 s\u00f6ylenebilir. \u00d6te yandan \u00fclkemizdeki da\u011f olanlar\u0131n\u0131n bir k\u0131sm\u0131n\u0131n d\u00fcnyada benzeri olmayan Cudi da\u011f\u0131 ya da A\u011fr\u0131 Da\u011f\u2019\u0131, ba\u011flam\u0131nda Nuh tufan\u0131 ile ilgisi oldu\u011fu bilinmekte, yine Baz\u0131 Hristiyanlar\u0131n inan\u0131\u015f\u0131na g\u00f6re Hz. Meryem&#8217;in son y\u0131llar\u0131n\u0131 ge\u00e7irdi\u011fi yerlerden olan Efes ve Meryem Ana Evi g\u00fcn\u00fcm\u00fczde Sel\u00e7uk il\u00e7esi s\u0131n\u0131rlar\u0131 i\u00e7erisinde yani B\u00fclb\u00fcl Da\u011f\u2019\u0131ndad\u0131r. Kimi mevzuatta k\u0131smi d\u00fczenlemeler i\u00e7eren da\u011f alanlar\u0131n\u0131n b\u00fct\u00fcnleyici flora ve fauna yap\u0131s\u0131n\u0131n korunmas\u0131 \u00f6zellikle maden arama ve i\u015fletme uygulamalar\u0131 ya da definecilik faaliyetleri nedeniyle kimi olumsuz uygulamalara rastlanmaktad\u0131r. Kamu yarar\u0131 ve kamu g\u00fcc\u00fc do\u011frultusunda Toroslar d\u00e2hil bu alanlar\u0131n y\u00f6netimde a\u00e7\u0131kl\u0131k ilkesi esas al\u0131narak yasal belirli bir d\u00fczene tabi k\u0131l\u0131narak korunmas\u0131 gerekir.<\/p>\n\n\n\n<p><strong>Prof. Dr. G\u00f6zde Emekli: \u2018<em>Da\u011fl\u0131k ve Da\u011fl\u0131k Alanlarda S\u00fcrd\u00fcr\u00fclebilir Kalk\u0131nma ve Yenilik Aray\u0131\u015flar\u0131\u2019<\/em><\/strong><\/p>\n\n\n\n<p>Da\u011fl\u0131k alanlar kullan\u0131m \u00e7e\u015fitlilikleri en ba\u015fta da ya\u015fam-su kayna\u011f\u0131 olmas\u0131 sebebiyle b\u00fcy\u00fck bir \u00f6neme ve \u00f6nceli\u011fe sahiptir. Da\u011fl\u0131k alanlarda do\u011fal-k\u00fclt\u00fcrel kaynaklar\u0131n korunarak kullan\u0131lmas\u0131, ya\u015fayanlar\u0131n ya\u015fam ko\u015fullar\u0131n\u0131n iyile\u015ftirilmesi, kalk\u0131nma temelinde de\u011fi\u015fim taleplerinin desteklenmesi, gelir da\u011f\u0131l\u0131m\u0131nda e\u015fitlik, e\u011fitim ve sa\u011fl\u0131k hizmetlerine eri\u015fim oran\u0131n\u0131n y\u00fckselmesi s\u00fcrd\u00fcr\u00fclebilir kalk\u0131nman\u0131n ana hedefleri olurken bu alanlarda yenilik ihtiya\u00e7lar\u0131 da artmaktad\u0131r.<\/p>\n\n\n\n<p><strong>M.A. Ba\u015fak Baydak : \u2018<em>Hasan Da\u011f\u0131 \u00d6rne\u011finde, T\u00fcrkiye\u2019nin Volkanik Da\u011flar\u0131nda Risk Olgusu\u2019<\/em><\/strong><\/p>\n\n\n\n<p>2025 y\u0131l\u0131 Da\u011fl\u0131k Alanlar ve De\u011ferleri Y\u00f6netimi temal\u0131 program\u0131nda sunulan \u2018Hasan Da\u011f\u0131 \u00d6rne\u011finde, T\u00fcrkiye\u2019nin Volkanik Da\u011flar\u0131nda Risk Olgusu\u2019 ba\u015fl\u0131kl\u0131 \u00e7al\u0131\u015fma, T\u00fcrkiye\u2019de volkanik da\u011flar \u00fczerine yap\u0131lan ilk sosyolojik risk ara\u015ft\u0131rmas\u0131 olma niteli\u011fini ta\u015f\u0131maktad\u0131r. MTA verilerine g\u00f6re, aralar\u0131nda Hasan Da\u011f\u0131\u2019n\u0131n da bulundu\u011fu 10 volkan aktif stat\u00fcde de\u011ferlendirilmekte olup, son 10.000 y\u0131lda aktif olma potansiyeli ta\u015f\u0131yan di\u011fer volkanik alanlar da d\u00e2hil edildi\u011finde bu say\u0131 14\u2019e ula\u015fmaktad\u0131r. Buna kar\u015f\u0131n, ulusal afet politikalar\u0131nda deprem ve sel ba\u015fl\u0131ca riskler olarak ele al\u0131nmakta; f\u0131rt\u0131na, tsunam\u00ee ve volkanik tehlikeler planlama s\u00fcre\u00e7lerinde yeterince yer bulmamaktad\u0131r. Bu \u00e7al\u0131\u015fma, volkanik risklerin yaln\u0131zca jeolojik de\u011fil, ayn\u0131 zamanda sosyolojik boyutlar\u0131yla da ele al\u0131nmas\u0131 gerekti\u011fini ortaya koymu\u015ftur. Hasan Da\u011f\u0131\u2019nda ger\u00e7ekle\u015ftirilen saha ara\u015ft\u0131rmas\u0131, hem halk hem de kurumlar d\u00fczeyinde fark\u0131ndal\u0131k ve haz\u0131rl\u0131k a\u00e7\u0131s\u0131ndan \u00f6nemli bo\u015fluklar bulundu\u011funu g\u00f6stermektedir. Ba\u011flant\u0131l\u0131 olarak erken uyar\u0131 sistemlerinin, bilimsel izleme a\u011flar\u0131n\u0131n ve idari duyarl\u0131l\u0131\u011f\u0131n g\u00fc\u00e7lendirilmesinin zorunlulu\u011fu tespit edilmi\u015ftir.. Sunumda ayr\u0131ca volkanik da\u011flar\u0131n afet y\u00f6netimi planlar\u0131na disiplinleraras\u0131 yakla\u015f\u0131mla b\u00fct\u00fcnle\u015fikli\u011fin sa\u011flanmas\u0131, s\u00fcrd\u00fcr\u00fclebilir da\u011f y\u00f6netimi a\u00e7\u0131s\u0131ndan kritik \u00f6nem ta\u015f\u0131maktad\u0131r.<\/p>\n\n\n\n<p><strong>Hatice Suna Kocag\u00fcl:. \u2018<em>Da\u011fl\u0131k Alanlarda G\u00fcvenli\u011fi Destekleyici Sosyal Politikalar<\/em>\u2019 <em>\u0130zmir Valili\u011fi \u0130l Sosyal Et\u00fcd ve Proje M\u00fcd\u00fcr\u00fc ve GAMER M\u00fcd\u00fcr\u00fc<\/em><\/strong><\/p>\n\n\n\n<p>Da\u011fl\u0131k alanlarda ya\u015fam g\u00fcvenli\u011fini ve sosyal refah\u0131 art\u0131rmay\u0131 ama\u00e7layan bir model olu\u015fturularak, afetlere dayan\u0131kl\u0131 yerle\u015fim, mobil sa\u011fl\u0131k-e\u011fitim hizmetleri ve yerel kalk\u0131nma destekleriyle b\u00f6lge halk\u0131na g\u00fcvenli, g\u00fc\u00e7l\u00fc ve s\u00fcrd\u00fcr\u00fclebilir bir ya\u015fam sunmak hedeflenmelidir.<\/p>\n\n\n\n<p><strong>Dr. Fatma Bu\u011fday :\u2018<em>E\u011fitimin Yaratt\u0131\u011f\u0131 Olgusal Fark\u0131ndal\u0131k\u2019<\/em><\/strong><\/p>\n\n\n\n<p>E\u011fitimin bireyde olu\u015fturdu\u011fu olgusal fark\u0131ndal\u0131k, salt bilgi birikimini a\u015farak toplumsal d\u00fczeyde ele\u015ftirel bir bilin\u00e7 ve e\u011fitimin \u00f6nemine dair sistematik bir kavray\u0131\u015f geli\u015ftirir. Bu bili\u015fsel d\u00f6n\u00fc\u015f\u00fcm, toplumsal ya\u015fam\u0131n t\u00fcm alanlar\u0131na n\u00fcfuz eden somut bir ilerleme dinami\u011fi ba\u015flatarak; be\u015feri, k\u00fclt\u00fcrel ve co\u011frafi sermayede s\u00fcrd\u00fcr\u00fclebilir de\u011fer yarat\u0131m\u0131n\u0131 tetiklemekle birlikte bu durum co\u011frafi fark\u0131ndal\u0131k, kaynaklar\u0131n korunmas\u0131 ve gelecek nesillere aktar\u0131lmas\u0131 sorumlulu\u011funun toplumsal bilin\u00e7 d\u00fczeyine \u00e7\u0131kmas\u0131 anlam\u0131na gelir. Bu bilin\u00e7, bilimsel bilgi \u00fcretimi ve e\u011fitimin k\u00fcm\u00fclatif g\u00fcc\u00fcyle beslenir. E\u011fitimle olu\u015fan bu ortak zemin, ayn\u0131 zamanda uzun vadeli kamu politikalar\u0131n\u0131n me\u015fru zeminini haz\u0131rlar. Kamu politikas\u0131n\u0131n in\u015fas\u0131 ise, stratejik bilginin toplumda yayg\u0131nla\u015fmas\u0131, i\u00e7selle\u015ftirilmesi ve yeniden \u00fcretilmesine dayal\u0131 diyalektik bir s\u00fcre\u00e7tir. Bu ba\u011flamda, kamusal meselelere y\u00f6nelik ilginin toplumsalla\u015fma s\u00fcrecinin etkinli\u011fi, e\u011fitim sisteminin epistemolojik zeminin yap\u0131land\u0131r\u0131lmas\u0131na ba\u011fl\u0131d\u0131r.<\/p>\n","protected":false},"excerpt":{"rendered":"<p>11 ARALIK ULUSLARARASI DA\u011eLAR G\u00dcN\u00dc-2025 11 Aral\u0131k 2025, Alsancak T\u00fcrkan Saylan K\u00fclt\u00fcr Merkezi Benal Nevzat Salonu Kat.7, Konak, \u0130zmir. Konak Kent Konseyi ve Da\u011fl\u0131k Alanlar\u0131n S\u00fcrd\u00fcr\u00fclebilirli\u011fi ve Y\u00f6neti\u015fimi Derne\u011fi \u0130\u015fbirli\u011fiyle Her y\u0131l 11 Aral\u0131k&#8217;ta kutlanan Uluslararas\u0131 Da\u011flar G\u00fcn\u00fc, da\u011flar\u0131n \u00f6nemi konusunda fark\u0131ndal\u0131\u011f\u0131 art\u0131rmay\u0131 ama\u00e7lamaktad\u0131r. Da\u011flar\u0131n ve da\u011fl\u0131k alanlar\u0131n korunmas\u0131, s\u00fcrd\u00fcr\u00fclebilir kalk\u0131nman\u0131n temel bir unsurudur. Da\u011flar, [&hellip;]<\/p>\n","protected":false},"author":2,"featured_media":0,"parent":0,"menu_order":0,"comment_status":"closed","ping_status":"closed","template":"","meta":{"footnotes":""},"class_list":["post-591","page","type-page","status-publish","hentry"],"_links":{"self":[{"href":"https:\/\/2013dagyonetisimi.com\/index.php\/wp-json\/wp\/v2\/pages\/591","targetHints":{"allow":["GET"]}}],"collection":[{"href":"https:\/\/2013dagyonetisimi.com\/index.php\/wp-json\/wp\/v2\/pages"}],"about":[{"href":"https:\/\/2013dagyonetisimi.com\/index.php\/wp-json\/wp\/v2\/types\/page"}],"author":[{"embeddable":true,"href":"https:\/\/2013dagyonetisimi.com\/index.php\/wp-json\/wp\/v2\/users\/2"}],"replies":[{"embeddable":true,"href":"https:\/\/2013dagyonetisimi.com\/index.php\/wp-json\/wp\/v2\/comments?post=591"}],"version-history":[{"count":1,"href":"https:\/\/2013dagyonetisimi.com\/index.php\/wp-json\/wp\/v2\/pages\/591\/revisions"}],"predecessor-version":[{"id":596,"href":"https:\/\/2013dagyonetisimi.com\/index.php\/wp-json\/wp\/v2\/pages\/591\/revisions\/596"}],"wp:attachment":[{"href":"https:\/\/2013dagyonetisimi.com\/index.php\/wp-json\/wp\/v2\/media?parent=591"}],"curies":[{"name":"wp","href":"https:\/\/api.w.org\/{rel}","templated":true}]}}